{"id":1564,"date":"2011-09-26T14:55:00","date_gmt":"2011-09-26T12:55:00","guid":{"rendered":"https:\/\/biblioteca.tianat.cat\/?page_id=1564"},"modified":"2025-06-30T18:48:33","modified_gmt":"2025-06-30T16:48:33","slug":"club-de-lectura","status":"publish","type":"page","link":"https:\/\/biblioteca.tianat.cat\/?page_id=1564","title":{"rendered":"El Club de lectura"},"content":{"rendered":"<div class=\"tx-row\">\n<div class=\"tx-column tx-column-size-1-3\">\n<h3>Qu\u00e8, qui, quan?<\/h3>\n<p>El <strong>Club de lectura<\/strong> de la Biblioteca de Can Baratau, est\u00e0 coordinat per en <strong>Toni Sala<\/strong> i es fa l&#8217;\u00faltim divendres de cada mes a les 18:30 h.<\/p>\n<\/div>\n<div class=\"tx-column tx-column-size-1-3\">\n<h3>Properes trobades:<\/h3>\n<ul>\n<li><em>Adolphe<\/em>, Benjamin Constant. 31 d&#8217;octubre 2025<\/li>\n<li><em>Demian<\/em>, Hermann Hesse. 28 de novembre 2025<\/li>\n<li><em>L&#8217;amant de la mare<\/em>, Urs Widmer. 19 de desembre 2025<\/li>\n<li><em>La paret<\/em>, Marlen Haushofer. 30 de gener 2026<\/li>\n<li><em>Claus i Lucas<\/em>, Agota Kristof. 27 de febrer 2026<\/li>\n<li><em>Que petit \u00e9s el m\u00f3n<\/em>, Martin Suter. 27 de mar\u00e7 2026<\/li>\n<li><em>Proleterka, <\/em>Fleur Jaeggy. 24 d&#8217;abril 2026<\/li>\n<li><em>La promesa<\/em>, Friedrich D\u00fcrrenmatt. 29 de maig 2026<\/li>\n<li><em>No s\u00f3c Stiller<\/em>, Max Frisch. 26 de juny 2026<\/li>\n<\/ul>\n<\/div>\n<div class=\"tx-column tx-column-size-1-3\">\n<h3>Com hi participo?<\/h3>\n<p>\u00c9s una activitat gratu\u00efta, es demana comprom\u00eds d&#8217;assist\u00e8ncia.<\/p>\n<p>Les preinscripcions s&#8217;han d&#8217;introduir<br \/>\n<a href=\"https:\/\/docs.google.com\/forms\/d\/e\/1FAIpQLSfPZJSiuFmF_JfhnqOXCo1nfNrFe_3xDS1g8QDeJOeaflZZDw\/viewform?usp=header\"><strong>al seg\u00fcent formulari<\/strong><\/a>.<\/p>\n<p>Les places s\u00f3n limitades.<br \/>\nS&#8217;enviar\u00e0 per correu electr\u00f2nic una confirmaci\u00f3 a les persones inscrites.<\/p>\n<\/div>\n<\/div>\n<div class=\"tx-divider clearfix\" style=\"margin-top: 10px;margin-bottom: 10px\"><\/div>\n<h3>Lectures<\/h3>\n<div class=\"tx-blog tx-post-row tx-masonry\"><div class=\"tx-blog-item tx-post-col-4\"><div class=\"tx-border-box\"><div class=\"tx-blog-img\"><a href=\"https:\/\/biblioteca.tianat.cat\/wp-content\/uploads\/2026\/04\/club-de-lectura-bv.jpg\" class=\"tx-colorbox\"><img src=\"https:\/\/biblioteca.tianat.cat\/wp-content\/uploads\/2026\/04\/club-de-lectura-bv-600x360.jpg\" alt=\"\" class=\"blog-image\" \/><\/a><span class=\"tx-post-comm\"><span>0<\/span><\/span><\/div><div class=\"tx-post-content\"><h3 class=\"tx-post-title\"><a href=\"https:\/\/biblioteca.tianat.cat\/?p=12453\">Club de lectura: La promesa, de Friedrich Durrenmatt<\/a><\/h3><div style=\"height: 16px;\"><\/div><div class=\"tx-blog-content\">Divendres 29 de maig a les 18.30 h. Acabem el mes de maig com no podria ser d&#8217;altra manera, amb una nova sessi\u00f3 del club de lectura que coordina en Toni Sala.<a class=\"moretag\" href=\"https:\/\/biblioteca.tianat.cat\/?p=12453\">Read More...<\/a><\/div><div class=\"tx-meta\"><span class=\"tx-author\">By : <a href=\"https:\/\/biblioteca.tianat.cat\/?author=4\">Marta Huguet<\/a><\/span><span class=\"tx-date\"> | abr. 25, 2026<\/span><\/div><\/div><\/div><\/div><div class=\"tx-blog-item tx-post-col-4\"><div class=\"tx-border-box\"><div class=\"tx-blog-img\"><a href=\"https:\/\/biblioteca.tianat.cat\/wp-content\/uploads\/2026\/03\/club-lectura-bv-2.jpg\" class=\"tx-colorbox\"><img src=\"https:\/\/biblioteca.tianat.cat\/wp-content\/uploads\/2026\/03\/club-lectura-bv-2-600x360.jpg\" alt=\"\" class=\"blog-image\" \/><\/a><span class=\"tx-post-comm\"><span>0<\/span><\/span><\/div><div class=\"tx-post-content\"><h3 class=\"tx-post-title\"><a href=\"https:\/\/biblioteca.tianat.cat\/?p=12401\">Club de lectura: Proleterka, de Fleur Jaeggy<\/a><\/h3><div style=\"height: 16px;\"><\/div><div class=\"tx-blog-content\">Divendres 24 d&#8217;abril a les 18.30 h. Un cop passat el gran dia dels llibres i les roses, Sant Jordi, tenim una nova trobada del club de lectura que coordina en Toni<a class=\"moretag\" href=\"https:\/\/biblioteca.tianat.cat\/?p=12401\">Read More...<\/a><\/div><div class=\"tx-meta\"><span class=\"tx-author\">By : <a href=\"https:\/\/biblioteca.tianat.cat\/?author=4\">Marta Huguet<\/a><\/span><span class=\"tx-date\"> | mar\u00e7 28, 2026<\/span><\/div><\/div><\/div><\/div><div class=\"tx-blog-item tx-post-col-4\"><div class=\"tx-border-box\"><div class=\"tx-blog-img\"><a href=\"https:\/\/biblioteca.tianat.cat\/wp-content\/uploads\/2026\/02\/CLUB-DE-LECTURA-3.jpg\" class=\"tx-colorbox\"><img src=\"https:\/\/biblioteca.tianat.cat\/wp-content\/uploads\/2026\/02\/CLUB-DE-LECTURA-3-600x360.jpg\" alt=\"\" class=\"blog-image\" \/><\/a><span class=\"tx-post-comm\"><span>0<\/span><\/span><\/div><div class=\"tx-post-content\"><h3 class=\"tx-post-title\"><a href=\"https:\/\/biblioteca.tianat.cat\/?p=12362\">Club de lectura: Que petit \u00e9s el m\u00f3n, de Martin Suter<\/a><\/h3><div style=\"height: 16px;\"><\/div><div class=\"tx-blog-content\">Divendres 27 de mar\u00e7 a les 18.30 h. Finalitzem les activitats del mes de mar\u00e7 amb una nova sessi\u00f3 del club de lectura que coordina Toni Sala. Aquest mes ens endinsem en<a class=\"moretag\" href=\"https:\/\/biblioteca.tianat.cat\/?p=12362\">Read More...<\/a><\/div><div class=\"tx-meta\"><span class=\"tx-author\">By : <a href=\"https:\/\/biblioteca.tianat.cat\/?author=4\">Marta Huguet<\/a><\/span><span class=\"tx-date\"> | febr. 26, 2026<\/span><\/div><\/div><\/div><\/div><div class=\"tx-blog-item tx-post-col-4\"><div class=\"tx-border-box\"><div class=\"tx-blog-img\"><a href=\"https:\/\/biblioteca.tianat.cat\/wp-content\/uploads\/2025\/12\/612wLogLdxL-1.jpg\" class=\"tx-colorbox\"><img src=\"https:\/\/biblioteca.tianat.cat\/wp-content\/uploads\/2025\/12\/612wLogLdxL-1-600x360.jpg\" alt=\"\" class=\"blog-image\" \/><\/a><span class=\"tx-post-comm\"><span>0<\/span><\/span><\/div><div class=\"tx-post-content\"><h3 class=\"tx-post-title\"><a href=\"https:\/\/biblioteca.tianat.cat\/?p=12265\">Club de lectura: La paret, de Marlen Haushofer<\/a><\/h3><div style=\"height: 16px;\"><\/div><div class=\"tx-blog-content\">Divendres 30 de gener a les 18.30 h. Posem punt i final a les activitats d&#8217;aquest mes de gener, amb una nova sessi\u00f3 del Club de lectura condu\u00eft per Toni Sala. Aquest<a class=\"moretag\" href=\"https:\/\/biblioteca.tianat.cat\/?p=12265\">Read More...<\/a><\/div><div class=\"tx-meta\"><span class=\"tx-author\">By : <a href=\"https:\/\/biblioteca.tianat.cat\/?author=4\">Marta Huguet<\/a><\/span><span class=\"tx-date\"> | des. 30, 2025<\/span><\/div><\/div><\/div><\/div><\/div><div class=\"nx-paging\"><div class=\"nx-paging-inner\"><span aria-current=\"page\" class=\"page-numbers current\">1<\/span>\n<a class=\"page-numbers\" href=\"https:\/\/biblioteca.tianat.cat\/index.php\/?paged=2&#038;rest_route=%2Fwp%2Fv2%2Fpages%2F1564\">2<\/a>\n<a class=\"page-numbers\" href=\"https:\/\/biblioteca.tianat.cat\/index.php\/?paged=3&#038;rest_route=%2Fwp%2Fv2%2Fpages%2F1564\">3<\/a>\n<span class=\"page-numbers dots\">&hellip;<\/span>\n<a class=\"page-numbers\" href=\"https:\/\/biblioteca.tianat.cat\/index.php\/?paged=36&#038;rest_route=%2Fwp%2Fv2%2Fpages%2F1564\">36<\/a>\n<a class=\"next page-numbers\" href=\"https:\/\/biblioteca.tianat.cat\/index.php\/?paged=2&#038;rest_route=%2Fwp%2Fv2%2Fpages%2F1564\">&raquo;<\/a><\/div><\/div>\n","protected":false},"excerpt":{"rendered":"<p>Lectures<\/p>\n","protected":false},"author":1,"featured_media":0,"parent":2329,"menu_order":0,"comment_status":"closed","ping_status":"closed","template":"page-sidebar.php","meta":[],"_links":{"self":[{"href":"https:\/\/biblioteca.tianat.cat\/index.php?rest_route=\/wp\/v2\/pages\/1564"}],"collection":[{"href":"https:\/\/biblioteca.tianat.cat\/index.php?rest_route=\/wp\/v2\/pages"}],"about":[{"href":"https:\/\/biblioteca.tianat.cat\/index.php?rest_route=\/wp\/v2\/types\/page"}],"author":[{"embeddable":true,"href":"https:\/\/biblioteca.tianat.cat\/index.php?rest_route=\/wp\/v2\/users\/1"}],"replies":[{"embeddable":true,"href":"https:\/\/biblioteca.tianat.cat\/index.php?rest_route=%2Fwp%2Fv2%2Fcomments&post=1564"}],"version-history":[{"count":56,"href":"https:\/\/biblioteca.tianat.cat\/index.php?rest_route=\/wp\/v2\/pages\/1564\/revisions"}],"predecessor-version":[{"id":12058,"href":"https:\/\/biblioteca.tianat.cat\/index.php?rest_route=\/wp\/v2\/pages\/1564\/revisions\/12058"}],"up":[{"embeddable":true,"href":"https:\/\/biblioteca.tianat.cat\/index.php?rest_route=\/wp\/v2\/pages\/2329"}],"wp:attachment":[{"href":"https:\/\/biblioteca.tianat.cat\/index.php?rest_route=%2Fwp%2Fv2%2Fmedia&parent=1564"}],"curies":[{"name":"wp","href":"https:\/\/api.w.org\/{rel}","templated":true}]}}